{"id":6,"date":"2021-04-29T16:33:56","date_gmt":"2021-04-29T16:33:56","guid":{"rendered":"https:\/\/www.jidelnaustrejcu.online\/?page_id=6"},"modified":"2026-02-16T22:37:03","modified_gmt":"2026-02-16T21:37:03","slug":"uvod","status":"publish","type":"page","link":"https:\/\/www.jidelnaustrejcu.cz\/","title":{"rendered":"\u00daVOD"},"content":{"rendered":"\n<p><\/p>\n\n\n\n<h1 class=\"wp-block-heading\">J\u00eddelna U Strejc\u016f<\/h1>\n\n\n\n<p>byla otev\u0159ena v roce 2001. Denn\u011b se zde p\u0159ipravuje 40 druh\u016f j\u00eddel v\u010detn\u011b <strong>ZDRAV\u00ddCH J\u00cdDEL . <\/strong>Krom\u011b kvality a p\u0159\u00edzniv\u00fdch cen na\u0161i z\u00e1kazn\u00edci oce\u0148uj\u00ed i rychlost, s jakou jsou u n\u00e1s obslou\u017eeni a interi\u00e9r restaura\u010dn\u00edho typu s \u00fatuln\u00fdmi ve d\u0159ev\u011b vyveden\u00fdmi boxy. Ka\u017ed\u00fd p\u00e1tek nab\u00edz\u00edme v\u00fdborn\u00e9 <strong>staro\u010desk\u00e9 vdolky<\/strong> zdoben\u00e9 povidly, b\u00edl\u00fdm jogurtem, \u0161leha\u010dkou a tvarohem a ka\u017ed\u00e9 pond\u011bl\u00ed <strong>buchti\u010dky se \u0161odo a dr\u0161\u0165kovou pol\u00e9vku. V\u017edy ve st\u0159edu pe\u010deme kachni\u010dku nebo husi\u010dku a ve \u010dtvrtek se p\u0159ipravte na pln\u011bn\u00e9 bramborov\u00e9 knedl\u00edky uzen\u00fdm masem.&nbsp;<\/strong><\/p>\n\n\n\n<p><strong>VA\u0158\u00cdME Z BIO BYLIN &#8211; LIBE\u010cEK, OREGANO, PA\u017dITKA A \u0160ALV\u011aJ<\/strong><\/p>\n\n\n\n<p><strong>SMA\u017d\u00cdME ZDRAV\u011a &#8211; VE VODN\u00cd FRIT\u00c9ZE<\/strong><\/p>\n\n\n\n<p><strong>LOWCARB-N\u00cdZKOSACHARIDOV\u00c9 STRAVOV\u00c1N\u00cd-V\u017dDY JEDNO J\u00cdDLO DENN\u011a<\/strong><\/p>\n","protected":false},"excerpt":{"rendered":"<p>J\u00eddelna U Strejc\u016f byla otev\u0159ena v roce 2001. Denn\u011b se zde p\u0159ipravuje 40 druh\u016f j\u00eddel v\u010detn\u011b ZDRAV\u00ddCH J\u00cdDEL . Krom\u011b kvality a p\u0159\u00edzniv\u00fdch cen na\u0161i z\u00e1kazn\u00edci oce\u0148uj\u00ed i rychlost, s jakou jsou u n\u00e1s obslou\u017eeni a interi\u00e9r restaura\u010dn\u00edho typu s \u00fatuln\u00fdmi ve d\u0159ev\u011b vyveden\u00fdmi boxy. Ka\u017ed\u00fd p\u00e1tek nab\u00edz\u00edme v\u00fdborn\u00e9 staro\u010desk\u00e9 vdolky zdoben\u00e9 povidly, b\u00edl\u00fdm jogurtem, [&hellip;]<\/p>\n","protected":false},"author":1,"featured_media":0,"parent":0,"menu_order":0,"comment_status":"closed","ping_status":"closed","template":"","meta":{"_monsterinsights_skip_tracking":false,"_monsterinsights_sitenote_active":false,"_monsterinsights_sitenote_note":"","_monsterinsights_sitenote_category":0,"footnotes":""},"class_list":["post-6","page","type-page","status-publish","hentry"],"aioseo_notices":[],"_links":{"self":[{"href":"https:\/\/www.jidelnaustrejcu.cz\/index.php\/wp-json\/wp\/v2\/pages\/6","targetHints":{"allow":["GET"]}}],"collection":[{"href":"https:\/\/www.jidelnaustrejcu.cz\/index.php\/wp-json\/wp\/v2\/pages"}],"about":[{"href":"https:\/\/www.jidelnaustrejcu.cz\/index.php\/wp-json\/wp\/v2\/types\/page"}],"author":[{"embeddable":true,"href":"https:\/\/www.jidelnaustrejcu.cz\/index.php\/wp-json\/wp\/v2\/users\/1"}],"replies":[{"embeddable":true,"href":"https:\/\/www.jidelnaustrejcu.cz\/index.php\/wp-json\/wp\/v2\/comments?post=6"}],"version-history":[{"count":6,"href":"https:\/\/www.jidelnaustrejcu.cz\/index.php\/wp-json\/wp\/v2\/pages\/6\/revisions"}],"predecessor-version":[{"id":261,"href":"https:\/\/www.jidelnaustrejcu.cz\/index.php\/wp-json\/wp\/v2\/pages\/6\/revisions\/261"}],"wp:attachment":[{"href":"https:\/\/www.jidelnaustrejcu.cz\/index.php\/wp-json\/wp\/v2\/media?parent=6"}],"curies":[{"name":"wp","href":"https:\/\/api.w.org\/{rel}","templated":true}]}}